{"version":"1.0","provider_name":"e-Cristians","provider_url":"https:\/\/e-cristians.cat\/es\/","author_name":"e-Cristians","author_url":"https:\/\/e-cristians.cat\/es\/author\/mar\/","title":"Beatificaci\u00f3n de los m\u00e1rtires capuchinos de Manresa - e-Cristians","type":"rich","width":600,"height":338,"html":"<blockquote class=\"wp-embedded-content\" data-secret=\"78HnEPvtbH\"><a href=\"https:\/\/e-cristians.cat\/es\/beatificacion-de-los-martires-capuchinos-de-manresa\/\">Beatificaci\u00f3n de los m\u00e1rtires capuchinos de Manresa<\/a><\/blockquote><iframe sandbox=\"allow-scripts\" security=\"restricted\" src=\"https:\/\/e-cristians.cat\/es\/beatificacion-de-los-martires-capuchinos-de-manresa\/embed\/#?secret=78HnEPvtbH\" width=\"600\" height=\"338\" title=\"&#8220;Beatificaci\u00f3n de los m\u00e1rtires capuchinos de Manresa&#8221; &#8212; e-Cristians\" data-secret=\"78HnEPvtbH\" frameborder=\"0\" marginwidth=\"0\" marginheight=\"0\" scrolling=\"no\" class=\"wp-embedded-content\"><\/iframe><script>\n\/*! This file is auto-generated *\/\n!function(d,l){\"use strict\";l.querySelector&&d.addEventListener&&\"undefined\"!=typeof URL&&(d.wp=d.wp||{},d.wp.receiveEmbedMessage||(d.wp.receiveEmbedMessage=function(e){var t=e.data;if((t||t.secret||t.message||t.value)&&!\/[^a-zA-Z0-9]\/.test(t.secret)){for(var s,r,n,a=l.querySelectorAll('iframe[data-secret=\"'+t.secret+'\"]'),o=l.querySelectorAll('blockquote[data-secret=\"'+t.secret+'\"]'),c=new RegExp(\"^https?:$\",\"i\"),i=0;i<o.length;i++)o[i].style.display=\"none\";for(i=0;i<a.length;i++)s=a[i],e.source===s.contentWindow&&(s.removeAttribute(\"style\"),\"height\"===t.message?(1e3<(r=parseInt(t.value,10))?r=1e3:~~r<200&&(r=200),s.height=r):\"link\"===t.message&&(r=new URL(s.getAttribute(\"src\")),n=new URL(t.value),c.test(n.protocol))&&n.host===r.host&&l.activeElement===s&&(d.top.location.href=t.value))}},d.addEventListener(\"message\",d.wp.receiveEmbedMessage,!1),l.addEventListener(\"DOMContentLoaded\",function(){for(var e,t,s=l.querySelectorAll(\"iframe.wp-embedded-content\"),r=0;r<s.length;r++)(t=(e=s[r]).getAttribute(\"data-secret\"))||(t=Math.random().toString(36).substring(2,12),e.src+=\"#?secret=\"+t,e.setAttribute(\"data-secret\",t)),e.contentWindow.postMessage({message:\"ready\",secret:t},\"*\")},!1)))}(window,document);\n<\/script>\n","thumbnail_url":"https:\/\/e-cristians.cat\/wp-content\/uploads\/2021\/11\/ca5f37c8-1cd0-498f-8a09-aba5f427d25f_16-9-aspect-ratio_default_0.jpg","thumbnail_width":880,"thumbnail_height":495,"description":"El s\u00e1bado, d\u00eda 6 de noviembre, a las 11h. por la ma\u00f1ana, en la Bas\u00edlica de la Seu de Manresa habr\u00e1 la beatificaci\u00f3n de los m\u00e1rtires capuchinosde Manresa, presidida por el cardenal prefecto de la congregaci\u00f3n para las Causas de los Santos, Mons. Marcello Semeraro, y concelebrada por diversos obispos, sacerdotes y frailes capuchinos. \u00a1Todos..."}