{"version":"1.0","provider_name":"e-Cristians","provider_url":"https:\/\/e-cristians.cat\/es\/","author_name":"e-Cristians","author_url":"https:\/\/e-cristians.cat\/es\/author\/mar\/","title":"Cristianos: una nueva forma de hacer pol\u00edtica - e-Cristians","type":"rich","width":600,"height":338,"html":"<blockquote class=\"wp-embedded-content\" data-secret=\"kVnuzK3e3L\"><a href=\"https:\/\/e-cristians.cat\/es\/cristianos-una-nueva-forma-de-hacer-politica\/\">Cristianos: una nueva forma de hacer pol\u00edtica<\/a><\/blockquote><iframe sandbox=\"allow-scripts\" security=\"restricted\" src=\"https:\/\/e-cristians.cat\/es\/cristianos-una-nueva-forma-de-hacer-politica\/embed\/#?secret=kVnuzK3e3L\" width=\"600\" height=\"338\" title=\"&#8220;Cristianos: una nueva forma de hacer pol\u00edtica&#8221; &#8212; e-Cristians\" data-secret=\"kVnuzK3e3L\" frameborder=\"0\" marginwidth=\"0\" marginheight=\"0\" scrolling=\"no\" class=\"wp-embedded-content\"><\/iframe><script>\n\/*! This file is auto-generated *\/\n!function(d,l){\"use strict\";l.querySelector&&d.addEventListener&&\"undefined\"!=typeof URL&&(d.wp=d.wp||{},d.wp.receiveEmbedMessage||(d.wp.receiveEmbedMessage=function(e){var t=e.data;if((t||t.secret||t.message||t.value)&&!\/[^a-zA-Z0-9]\/.test(t.secret)){for(var s,r,n,a=l.querySelectorAll('iframe[data-secret=\"'+t.secret+'\"]'),o=l.querySelectorAll('blockquote[data-secret=\"'+t.secret+'\"]'),c=new RegExp(\"^https?:$\",\"i\"),i=0;i<o.length;i++)o[i].style.display=\"none\";for(i=0;i<a.length;i++)s=a[i],e.source===s.contentWindow&&(s.removeAttribute(\"style\"),\"height\"===t.message?(1e3<(r=parseInt(t.value,10))?r=1e3:~~r<200&&(r=200),s.height=r):\"link\"===t.message&&(r=new URL(s.getAttribute(\"src\")),n=new URL(t.value),c.test(n.protocol))&&n.host===r.host&&l.activeElement===s&&(d.top.location.href=t.value))}},d.addEventListener(\"message\",d.wp.receiveEmbedMessage,!1),l.addEventListener(\"DOMContentLoaded\",function(){for(var e,t,s=l.querySelectorAll(\"iframe.wp-embedded-content\"),r=0;r<s.length;r++)(t=(e=s[r]).getAttribute(\"data-secret\"))||(t=Math.random().toString(36).substring(2,12),e.src+=\"#?secret=\"+t,e.setAttribute(\"data-secret\",t)),e.contentWindow.postMessage({message:\"ready\",secret:t},\"*\")},!1)))}(window,document);\n<\/script>\n","thumbnail_url":"https:\/\/e-cristians.cat\/wp-content\/uploads\/2024\/02\/corrent-social.png","thumbnail_width":790,"thumbnail_height":559,"description":"Josep Mir\u00f3 i Ard\u00e8vol El s\u00e1bado 3 de febrero y a lo largo de toda una ma\u00f1ana se habr\u00e1 presentado en el Aula magna de la Universidad Abad Oliba CEU \u201cLa Corriente\u201d (\u201cEl Corrent\u201d), en su nombre completo Corriente Social Cristiana, ante cerca de 400 personas inscritas m\u00e1s un medio centenar largo que no podr\u00e1n..."}