{"version":"1.0","provider_name":"e-Cristians","provider_url":"https:\/\/e-cristians.cat\/es\/","author_name":"e-Cristians","author_url":"https:\/\/e-cristians.cat\/es\/author\/mar\/","title":"Sobre dos agnosticismos y el ate\u00edsmo camuflado - e-Cristians","type":"rich","width":600,"height":338,"html":"<blockquote class=\"wp-embedded-content\" data-secret=\"H2Z6SMHmfR\"><a href=\"https:\/\/e-cristians.cat\/es\/sobre-dos-agnosticismos-y-el-ateismo-camuflado\/\">Sobre dos agnosticismos y el ate\u00edsmo camuflado<\/a><\/blockquote><iframe sandbox=\"allow-scripts\" security=\"restricted\" src=\"https:\/\/e-cristians.cat\/es\/sobre-dos-agnosticismos-y-el-ateismo-camuflado\/embed\/#?secret=H2Z6SMHmfR\" width=\"600\" height=\"338\" title=\"&#8220;Sobre dos agnosticismos y el ate\u00edsmo camuflado&#8221; &#8212; e-Cristians\" data-secret=\"H2Z6SMHmfR\" frameborder=\"0\" marginwidth=\"0\" marginheight=\"0\" scrolling=\"no\" class=\"wp-embedded-content\"><\/iframe><script>\n\/*! This file is auto-generated *\/\n!function(d,l){\"use strict\";l.querySelector&&d.addEventListener&&\"undefined\"!=typeof URL&&(d.wp=d.wp||{},d.wp.receiveEmbedMessage||(d.wp.receiveEmbedMessage=function(e){var t=e.data;if((t||t.secret||t.message||t.value)&&!\/[^a-zA-Z0-9]\/.test(t.secret)){for(var s,r,n,a=l.querySelectorAll('iframe[data-secret=\"'+t.secret+'\"]'),o=l.querySelectorAll('blockquote[data-secret=\"'+t.secret+'\"]'),c=new RegExp(\"^https?:$\",\"i\"),i=0;i<o.length;i++)o[i].style.display=\"none\";for(i=0;i<a.length;i++)s=a[i],e.source===s.contentWindow&&(s.removeAttribute(\"style\"),\"height\"===t.message?(1e3<(r=parseInt(t.value,10))?r=1e3:~~r<200&&(r=200),s.height=r):\"link\"===t.message&&(r=new URL(s.getAttribute(\"src\")),n=new URL(t.value),c.test(n.protocol))&&n.host===r.host&&l.activeElement===s&&(d.top.location.href=t.value))}},d.addEventListener(\"message\",d.wp.receiveEmbedMessage,!1),l.addEventListener(\"DOMContentLoaded\",function(){for(var e,t,s=l.querySelectorAll(\"iframe.wp-embedded-content\"),r=0;r<s.length;r++)(t=(e=s[r]).getAttribute(\"data-secret\"))||(t=Math.random().toString(36).substring(2,12),e.src+=\"#?secret=\"+t,e.setAttribute(\"data-secret\",t)),e.contentWindow.postMessage({message:\"ready\",secret:t},\"*\")},!1)))}(window,document);\n<\/script>\n","thumbnail_url":"https:\/\/e-cristians.cat\/wp-content\/uploads\/2023\/12\/ateo-y-agnostico.jpg","thumbnail_width":790,"thumbnail_height":395,"description":"Josep Mir\u00f3 i Ard\u00e8vol Lo cierto es que el ate\u00edsmo en el sentido pr\u00edstino de la palabra est\u00e1 en regresi\u00f3n. En t\u00e9rminos cuantitativos, porque la demograf\u00eda le traiciona, todas las proyecciones globales se\u00f1alan una\u00a0reducci\u00f3n del ate\u00edsmo en el mundo. Leer m\u00e1s."}